{"id":11465,"date":"2024-09-10T11:26:28","date_gmt":"2024-09-10T09:26:28","guid":{"rendered":"https:\/\/lecasierfrancais.fr\/?page_id=11465"},"modified":"2026-01-15T14:40:46","modified_gmt":"2026-01-15T13:40:46","slug":"gestion-du-froid","status":"publish","type":"page","link":"https:\/\/lecasierfrancais.fr\/index.php\/gestion-du-froid\/","title":{"rendered":"Gestion du froid"},"content":{"rendered":"[vc_row type=\u00a0\u00bbin_container\u00a0\u00bb full_screen_row_position=\u00a0\u00bbmiddle\u00a0\u00bb scene_position=\u00a0\u00bbcenter\u00a0\u00bb text_color=\u00a0\u00bbdark\u00a0\u00bb text_align=\u00a0\u00bbleft\u00a0\u00bb overlay_strength=\u00a0\u00bb0.3&Prime; shape_divider_position=\u00a0\u00bbbottom\u00a0\u00bb][vc_column column_padding=\u00a0\u00bbno-extra-padding\u00a0\u00bb column_padding_position=\u00a0\u00bball\u00a0\u00bb background_color_opacity=\u00a0\u00bb1&Prime; background_hover_color_opacity=\u00a0\u00bb1&Prime; column_shadow=\u00a0\u00bbnone\u00a0\u00bb column_border_radius=\u00a0\u00bbnone\u00a0\u00bb width=\u00a0\u00bb1\/6&Prime; tablet_text_alignment=\u00a0\u00bbdefault\u00a0\u00bb phone_text_alignment=\u00a0\u00bbdefault\u00a0\u00bb column_border_width=\u00a0\u00bbnone\u00a0\u00bb column_border_style=\u00a0\u00bbsolid\u00a0\u00bb][nectar_btn size=\u00a0\u00bblarge\u00a0\u00bb button_style=\u00a0\u00bbregular\u00a0\u00bb button_color_2=\u00a0\u00bbAccent-Color\u00a0\u00bb color_override=\u00a0\u00bb#64ba87&Prime; icon_family=\u00a0\u00bbnone\u00a0\u00bb text=\u00a0\u00bbRetour\u00a0\u00bb url=\u00a0\u00bb\/index.php\/nos-solutions-modulables\/nos-specificites-et-outils\/\u00a0\u00bb][\/vc_column][vc_column column_padding=\u00a0\u00bbno-extra-padding\u00a0\u00bb column_padding_position=\u00a0\u00bball\u00a0\u00bb background_color_opacity=\u00a0\u00bb1&Prime; background_hover_color_opacity=\u00a0\u00bb1&Prime; column_shadow=\u00a0\u00bbnone\u00a0\u00bb column_border_radius=\u00a0\u00bbnone\u00a0\u00bb width=\u00a0\u00bb5\/6&Prime; tablet_text_alignment=\u00a0\u00bbdefault\u00a0\u00bb phone_text_alignment=\u00a0\u00bbdefault\u00a0\u00bb column_border_width=\u00a0\u00bbnone\u00a0\u00bb column_border_style=\u00a0\u00bbsolid\u00a0\u00bb][\/vc_column][\/vc_row][vc_row type=\u00a0\u00bbin_container\u00a0\u00bb full_screen_row_position=\u00a0\u00bbmiddle\u00a0\u00bb equal_height=\u00a0\u00bbyes\u00a0\u00bb scene_position=\u00a0\u00bbcenter\u00a0\u00bb text_color=\u00a0\u00bbdark\u00a0\u00bb text_align=\u00a0\u00bbleft\u00a0\u00bb bottom_padding=\u00a0\u00bb3%\u00a0\u00bb overlay_strength=\u00a0\u00bb0.3&Prime; shape_divider_position=\u00a0\u00bbbottom\u00a0\u00bb shape_type=\u00a0\u00bb\u00a0\u00bb][vc_column column_padding=\u00a0\u00bbno-extra-padding\u00a0\u00bb column_padding_position=\u00a0\u00bball\u00a0\u00bb background_color_opacity=\u00a0\u00bb1&Prime; background_hover_color_opacity=\u00a0\u00bb1&Prime; column_shadow=\u00a0\u00bbnone\u00a0\u00bb column_border_radius=\u00a0\u00bb20px\u00a0\u00bb width=\u00a0\u00bb1\/2&Prime; tablet_text_alignment=\u00a0\u00bbdefault\u00a0\u00bb phone_text_alignment=\u00a0\u00bbdefault\u00a0\u00bb column_border_width=\u00a0\u00bbnone\u00a0\u00bb column_border_color=\u00a0\u00bb#f9f9f9&Prime;]<div class=\"img-with-aniamtion-wrap center\" data-max-width=\"100%\" data-border-radius=\"20px\"><div class=\"inner\"><img decoding=\"async\" data-shadow=\"none\" data-shadow-direction=\"middle\" class=\"img-with-animation \" data-delay=\"0\" height=\"2000\" width=\"1889\" data-animation=\"fade-in\" src=\"https:\/\/lecasierfrancais.fr\/wp-content\/uploads\/2024\/09\/groupe_froid.jpg\" srcset=\"https:\/\/lecasierfrancais.fr\/wp-content\/uploads\/2024\/09\/groupe_froid.jpg 1889w, https:\/\/lecasierfrancais.fr\/wp-content\/uploads\/2024\/09\/groupe_froid-283x300.jpg 283w, https:\/\/lecasierfrancais.fr\/wp-content\/uploads\/2024\/09\/groupe_froid-967x1024.jpg 967w, https:\/\/lecasierfrancais.fr\/wp-content\/uploads\/2024\/09\/groupe_froid-768x813.jpg 768w, https:\/\/lecasierfrancais.fr\/wp-content\/uploads\/2024\/09\/groupe_froid-1451x1536.jpg 1451w, https:\/\/lecasierfrancais.fr\/wp-content\/uploads\/2024\/09\/groupe_froid-200x212.jpg 200w\" sizes=\"100vw\" alt=\"casier r\u00e9frig\u00e9r\u00e9\" \/><\/div><\/div><div class=\"divider-wrap\"><div style=\"height: 20px;\" class=\"divider\"><\/div><\/div><div class=\"img-with-aniamtion-wrap center\" data-max-width=\"100%\" data-border-radius=\"20px\"><div class=\"inner\"><img decoding=\"async\" data-shadow=\"none\" data-shadow-direction=\"middle\" class=\"img-with-animation \" data-delay=\"0\" height=\"1334\" width=\"2000\" data-animation=\"fade-in\" src=\"https:\/\/lecasierfrancais.fr\/wp-content\/uploads\/2024\/09\/zoom-case-7-scaled.jpg\" srcset=\"https:\/\/lecasierfrancais.fr\/wp-content\/uploads\/2024\/09\/zoom-case-7-scaled.jpg 2000w, https:\/\/lecasierfrancais.fr\/wp-content\/uploads\/2024\/09\/zoom-case-7-300x200.jpg 300w, https:\/\/lecasierfrancais.fr\/wp-content\/uploads\/2024\/09\/zoom-case-7-1024x683.jpg 1024w, https:\/\/lecasierfrancais.fr\/wp-content\/uploads\/2024\/09\/zoom-case-7-768x512.jpg 768w, https:\/\/lecasierfrancais.fr\/wp-content\/uploads\/2024\/09\/zoom-case-7-1536x1024.jpg 1536w, https:\/\/lecasierfrancais.fr\/wp-content\/uploads\/2024\/09\/zoom-case-7-2048x1365.jpg 2048w, https:\/\/lecasierfrancais.fr\/wp-content\/uploads\/2024\/09\/zoom-case-7-900x600.jpg 900w, https:\/\/lecasierfrancais.fr\/wp-content\/uploads\/2024\/09\/zoom-case-7-200x133.jpg 200w\" sizes=\"100vw\" alt=\"Distributeur automatique Le Casier Fran\u00e7ais comportant des produits locaux (compotes, yaourts, fromages...)\" \/><\/div><\/div>[\/vc_column][vc_column column_padding=\u00a0\u00bbpadding-3-percent\u00a0\u00bb column_padding_position=\u00a0\u00bball\u00a0\u00bb background_color_opacity=\u00a0\u00bb1&Prime; background_hover_color_opacity=\u00a0\u00bb1&Prime; column_shadow=\u00a0\u00bbnone\u00a0\u00bb column_border_radius=\u00a0\u00bbnone\u00a0\u00bb width=\u00a0\u00bb1\/2&Prime; tablet_text_alignment=\u00a0\u00bbdefault\u00a0\u00bb phone_text_alignment=\u00a0\u00bbdefault\u00a0\u00bb column_border_width=\u00a0\u00bbnone\u00a0\u00bb column_border_style=\u00a0\u00bbsolid\u00a0\u00bb][vc_column_text]\n<h1><span style=\"color: #29235c;\">Gestion du froid<\/span><br \/>\n<span style=\"color: #64ba86;\">Des casiers r\u00e9frig\u00e9r\u00e9s \u00e0 la bonne temp\u00e9rature pour tous vos produits<\/span><\/h1>\n[\/vc_column_text]<div class=\"divider-wrap\"><div style=\"margin-top: 10px; height: 2px; margin-bottom: 10px;\" data-width=\"100%\" data-animate=\"\" data-animation-delay=\"\" data-color=\"default\" class=\"divider-border\"><\/div><\/div>[vc_column_text]Vous proposer des distributeurs alimentaires <strong>adapt\u00e9s \u00e0 vos produits et \u00e0 leur mode de conservation<\/strong> est essentiel pour le succ\u00e8s de votre business. Un distributeur alimentaire r\u00e9frig\u00e9r\u00e9 permet de garantir la fra\u00eecheur, la s\u00e9curit\u00e9 sanitaire et la qualit\u00e9 des produits, quel que soit leur mode de stockage. Voici comment Le Casier Fran\u00e7ais et son syst\u00e8me de gestion de froid ont chang\u00e9 la vie des distributeurs automatiques, notamment gr\u00e2ce \u00e0 une utilisation intelligente du casier r\u00e9frig\u00e9r\u00e9.<\/p>\n<h3>Un distributeur alimentaire r\u00e9frig\u00e9r\u00e9 pour la vente de produits frais<\/h3>\n<p>Chez Le Casier Fran\u00e7ais, nous avons d\u00e9velopp\u00e9<strong>\u00a0la Gestion du froid ind\u00e9pendante par module.<\/strong> Vous pouvez donc proposer \u00e0 la vente des produits aux modes de conservation diff\u00e9rents dans un seul et m\u00eame distributeur alimentaire r\u00e9frig\u00e9r\u00e9, tout en r\u00e9pondant aux normes de s\u00e9curit\u00e9 sanitaire. Chaque casier r\u00e9frig\u00e9r\u00e9 ou casier congel\u00e9 fonctionne de mani\u00e8re autonome, afin d\u2019assurer une temp\u00e9rature parfaitement adapt\u00e9e \u00e0 chaque type de produit.<\/p>\n<p>\u2705 R\u00e9glage au degr\u00e9 pr\u00e8s ;<\/p>\n<p>\u2705 Notifications en cas de mauvaise temp\u00e9rature ;<\/p>\n<p>\u2705 Optimisation de la consommation d\u2019\u00e9nergie ;<\/p>\n<p>\u2705 Double vitrage de 14 mm d\u2019\u00e9paisseur pour une isolation ad\u00e9quate.<\/p>\n<h3>Un distributeur automatique pour tous vos produits<\/h3>\n<p><strong>Temp\u00e9r\u00e9, r\u00e9frig\u00e9r\u00e9, congel\u00e9. <\/strong>3 types de casiers possibles pour votre distributeur. Dans un m\u00eame point de vente, vous pouvez associer diff\u00e9rentes armoires et proposer des produits d\u2019\u00e9picerie, des produits frais conserv\u00e9s dans un casier r\u00e9frig\u00e9r\u00e9, mais aussi des glaces ou des surgel\u00e9s stock\u00e9s dans un casier congel\u00e9, comme c\u2019est le cas dans un distributeur automatique de glaces, par exemple. Dans cette configuration, un casier \u00e0 glaces permet de garantir une conservation adapt\u00e9e aux produits surgel\u00e9s, tout en \u00e9largissant votre offre. Une solution id\u00e9ale pour diversifier vos ventes tout en respectant les exigences de conservation de chaque produit.[\/vc_column_text][\/vc_column][\/vc_row]\n","protected":false},"excerpt":{"rendered":"<p>[vc_row type=\u00a0\u00bbin_container\u00a0\u00bb full_screen_row_position=\u00a0\u00bbmiddle\u00a0\u00bb scene_position=\u00a0\u00bbcenter\u00a0\u00bb text_color=\u00a0\u00bbdark\u00a0\u00bb text_align=\u00a0\u00bbleft\u00a0\u00bb overlay_strength=\u00a0\u00bb0.3&Prime; shape_divider_position=\u00a0\u00bbbottom\u00a0\u00bb][vc_column column_padding=\u00a0\u00bbno-extra-padding\u00a0\u00bb column_padding_position=\u00a0\u00bball\u00a0\u00bb background_color_opacity=\u00a0\u00bb1&Prime; background_hover_color_opacity=\u00a0\u00bb1&Prime; column_shadow=\u00a0\u00bbnone\u00a0\u00bb column_border_radius=\u00a0\u00bbnone\u00a0\u00bb width=\u00a0\u00bb1\/6&Prime;&#8230;<\/p>\n","protected":false},"author":3,"featured_media":0,"parent":0,"menu_order":0,"comment_status":"closed","ping_status":"closed","template":"","meta":{"footnotes":""},"class_list":["post-11465","page","type-page","status-publish"],"yoast_head":"<!-- This site is optimized with the Yoast SEO Premium plugin v26.6 (Yoast SEO v26.6) - https:\/\/yoast.com\/wordpress\/plugins\/seo\/ -->\n<title>Casier r\u00e9frig\u00e9r\u00e9 \/ congel\u00e9 \/ \u00e0 glaces : le distributeur alimentaire automatique r\u00e9frig\u00e9r\u00e9 Le Casier Fran\u00e7ais<\/title>\n<meta name=\"description\" content=\"Vendez vos produits frais et congel\u00e9s dans un distributeur automatique accessible en libre-service gr\u00e2ce \u00e0 un mat\u00e9riel de qualit\u00e9 fabriqu\u00e9 en France.\" \/>\n<meta name=\"robots\" content=\"index, follow, max-snippet:-1, max-image-preview:large, max-video-preview:-1\" \/>\n<link rel=\"canonical\" href=\"https:\/\/lecasierfrancais.fr\/index.php\/gestion-du-froid\/\" \/>\n<meta property=\"og:locale\" content=\"fr_FR\" \/>\n<meta property=\"og:type\" content=\"article\" \/>\n<meta property=\"og:title\" content=\"Gestion du froid\" \/>\n<meta property=\"og:description\" content=\"Vendez vos produits frais et congel\u00e9s dans un distributeur automatique accessible en libre-service gr\u00e2ce \u00e0 un mat\u00e9riel de qualit\u00e9 fabriqu\u00e9 en France.\" \/>\n<meta property=\"og:url\" content=\"https:\/\/lecasierfrancais.fr\/index.php\/gestion-du-froid\/\" \/>\n<meta property=\"og:site_name\" content=\"Le Casier Fran\u00e7ais\" \/>\n<meta property=\"article:publisher\" content=\"https:\/\/www.facebook.com\/lecasierfrancais\/\" \/>\n<meta property=\"article:modified_time\" content=\"2026-01-15T13:40:46+00:00\" \/>\n<meta name=\"twitter:card\" content=\"summary_large_image\" \/>\n<meta name=\"twitter:label1\" content=\"Dur\u00e9e de lecture estim\u00e9e\" \/>\n\t<meta name=\"twitter:data1\" content=\"2 minutes\" \/>\n<script type=\"application\/ld+json\" class=\"yoast-schema-graph\">{\"@context\":\"https:\/\/schema.org\",\"@graph\":[{\"@type\":\"WebPage\",\"@id\":\"https:\/\/lecasierfrancais.fr\/index.php\/gestion-du-froid\/\",\"url\":\"https:\/\/lecasierfrancais.fr\/index.php\/gestion-du-froid\/\",\"name\":\"Casier r\u00e9frig\u00e9r\u00e9 \/ congel\u00e9 \/ \u00e0 glaces : le distributeur alimentaire automatique r\u00e9frig\u00e9r\u00e9 Le Casier Fran\u00e7ais\",\"isPartOf\":{\"@id\":\"https:\/\/lecasierfrancais.fr\/#website\"},\"datePublished\":\"2024-09-10T09:26:28+00:00\",\"dateModified\":\"2026-01-15T13:40:46+00:00\",\"description\":\"Vendez vos produits frais et congel\u00e9s dans un distributeur automatique accessible en libre-service gr\u00e2ce \u00e0 un mat\u00e9riel de qualit\u00e9 fabriqu\u00e9 en France.\",\"breadcrumb\":{\"@id\":\"https:\/\/lecasierfrancais.fr\/index.php\/gestion-du-froid\/#breadcrumb\"},\"inLanguage\":\"fr-FR\",\"potentialAction\":[{\"@type\":\"ReadAction\",\"target\":[\"https:\/\/lecasierfrancais.fr\/index.php\/gestion-du-froid\/\"]}]},{\"@type\":\"BreadcrumbList\",\"@id\":\"https:\/\/lecasierfrancais.fr\/index.php\/gestion-du-froid\/#breadcrumb\",\"itemListElement\":[{\"@type\":\"ListItem\",\"position\":1,\"name\":\"Accueil\",\"item\":\"https:\/\/lecasierfrancais.fr\/\"},{\"@type\":\"ListItem\",\"position\":2,\"name\":\"Gestion du froid\"}]},{\"@type\":\"WebSite\",\"@id\":\"https:\/\/lecasierfrancais.fr\/#website\",\"url\":\"https:\/\/lecasierfrancais.fr\/\",\"name\":\"Le Casier Fran\u00e7ais\",\"description\":\"Fabricant de casiers connect\u00e9s pour la vente directe de vos produits\",\"potentialAction\":[{\"@type\":\"SearchAction\",\"target\":{\"@type\":\"EntryPoint\",\"urlTemplate\":\"https:\/\/lecasierfrancais.fr\/?s={search_term_string}\"},\"query-input\":{\"@type\":\"PropertyValueSpecification\",\"valueRequired\":true,\"valueName\":\"search_term_string\"}}],\"inLanguage\":\"fr-FR\"}]}<\/script>\n<!-- \/ Yoast SEO Premium plugin. -->","yoast_head_json":{"title":"Casier r\u00e9frig\u00e9r\u00e9 \/ congel\u00e9 \/ \u00e0 glaces : le distributeur alimentaire automatique r\u00e9frig\u00e9r\u00e9 Le Casier Fran\u00e7ais","description":"Vendez vos produits frais et congel\u00e9s dans un distributeur automatique accessible en libre-service gr\u00e2ce \u00e0 un mat\u00e9riel de qualit\u00e9 fabriqu\u00e9 en France.","robots":{"index":"index","follow":"follow","max-snippet":"max-snippet:-1","max-image-preview":"max-image-preview:large","max-video-preview":"max-video-preview:-1"},"canonical":"https:\/\/lecasierfrancais.fr\/index.php\/gestion-du-froid\/","og_locale":"fr_FR","og_type":"article","og_title":"Gestion du froid","og_description":"Vendez vos produits frais et congel\u00e9s dans un distributeur automatique accessible en libre-service gr\u00e2ce \u00e0 un mat\u00e9riel de qualit\u00e9 fabriqu\u00e9 en France.","og_url":"https:\/\/lecasierfrancais.fr\/index.php\/gestion-du-froid\/","og_site_name":"Le Casier Fran\u00e7ais","article_publisher":"https:\/\/www.facebook.com\/lecasierfrancais\/","article_modified_time":"2026-01-15T13:40:46+00:00","twitter_card":"summary_large_image","twitter_misc":{"Dur\u00e9e de lecture estim\u00e9e":"2 minutes"},"schema":{"@context":"https:\/\/schema.org","@graph":[{"@type":"WebPage","@id":"https:\/\/lecasierfrancais.fr\/index.php\/gestion-du-froid\/","url":"https:\/\/lecasierfrancais.fr\/index.php\/gestion-du-froid\/","name":"Casier r\u00e9frig\u00e9r\u00e9 \/ congel\u00e9 \/ \u00e0 glaces : le distributeur alimentaire automatique r\u00e9frig\u00e9r\u00e9 Le Casier Fran\u00e7ais","isPartOf":{"@id":"https:\/\/lecasierfrancais.fr\/#website"},"datePublished":"2024-09-10T09:26:28+00:00","dateModified":"2026-01-15T13:40:46+00:00","description":"Vendez vos produits frais et congel\u00e9s dans un distributeur automatique accessible en libre-service gr\u00e2ce \u00e0 un mat\u00e9riel de qualit\u00e9 fabriqu\u00e9 en France.","breadcrumb":{"@id":"https:\/\/lecasierfrancais.fr\/index.php\/gestion-du-froid\/#breadcrumb"},"inLanguage":"fr-FR","potentialAction":[{"@type":"ReadAction","target":["https:\/\/lecasierfrancais.fr\/index.php\/gestion-du-froid\/"]}]},{"@type":"BreadcrumbList","@id":"https:\/\/lecasierfrancais.fr\/index.php\/gestion-du-froid\/#breadcrumb","itemListElement":[{"@type":"ListItem","position":1,"name":"Accueil","item":"https:\/\/lecasierfrancais.fr\/"},{"@type":"ListItem","position":2,"name":"Gestion du froid"}]},{"@type":"WebSite","@id":"https:\/\/lecasierfrancais.fr\/#website","url":"https:\/\/lecasierfrancais.fr\/","name":"Le Casier Fran\u00e7ais","description":"Fabricant de casiers connect\u00e9s pour la vente directe de vos produits","potentialAction":[{"@type":"SearchAction","target":{"@type":"EntryPoint","urlTemplate":"https:\/\/lecasierfrancais.fr\/?s={search_term_string}"},"query-input":{"@type":"PropertyValueSpecification","valueRequired":true,"valueName":"search_term_string"}}],"inLanguage":"fr-FR"}]}},"_links":{"self":[{"href":"https:\/\/lecasierfrancais.fr\/index.php\/wp-json\/wp\/v2\/pages\/11465","targetHints":{"allow":["GET"]}}],"collection":[{"href":"https:\/\/lecasierfrancais.fr\/index.php\/wp-json\/wp\/v2\/pages"}],"about":[{"href":"https:\/\/lecasierfrancais.fr\/index.php\/wp-json\/wp\/v2\/types\/page"}],"author":[{"embeddable":true,"href":"https:\/\/lecasierfrancais.fr\/index.php\/wp-json\/wp\/v2\/users\/3"}],"replies":[{"embeddable":true,"href":"https:\/\/lecasierfrancais.fr\/index.php\/wp-json\/wp\/v2\/comments?post=11465"}],"version-history":[{"count":20,"href":"https:\/\/lecasierfrancais.fr\/index.php\/wp-json\/wp\/v2\/pages\/11465\/revisions"}],"predecessor-version":[{"id":18771,"href":"https:\/\/lecasierfrancais.fr\/index.php\/wp-json\/wp\/v2\/pages\/11465\/revisions\/18771"}],"wp:attachment":[{"href":"https:\/\/lecasierfrancais.fr\/index.php\/wp-json\/wp\/v2\/media?parent=11465"}],"curies":[{"name":"wp","href":"https:\/\/api.w.org\/{rel}","templated":true}]}}